{"id":3672,"date":"2022-04-09T05:06:31","date_gmt":"2022-04-09T05:06:31","guid":{"rendered":"https:\/\/alzinger.at\/wein\/loibenberg-2\/"},"modified":"2023-02-09T17:56:54","modified_gmt":"2023-02-09T17:56:54","slug":"loibenberg-2","status":"publish","type":"wein","link":"https:\/\/alzinger.at\/en\/wein\/loibenberg-2\/","title":{"rendered":"Ried Loibenberg"},"content":{"rendered":"\n<p class=\"has-text-color\" style=\"color:#bd935b;font-size:22px\">\n          <strong>Charakter<\/strong>\n        <\/p>\n\n<p>Spiegelbild seines Terroirs; konzentriert und doch elegant zu gleich; komplexes Aromaprofil \u2013 meist von Steinobstnoten gepr\u00e4gt; am Gaumen samtig, saftig und doch zupackend und lebhaft<\/p>\n\n<p class=\"has-text-color\" style=\"color:#bd935b;font-size:22px\">\n          <strong>Weingarten<\/strong>\n        <\/p>\n\n<p>Die nach S\u00fcden ausgerichteten Terrassen des Loibenbergs speichern den ganzen Tag \u00fcber Sonne und gelten als die w\u00e4rmsten der Wachau. Diese Feststellung greift allerdings zu kurz und l\u00e4sst eine Menge Faktoren au\u00dfer Acht, die auch unsere beiden Weine betreffen. So liegen zwischen den ersten Terrassen am Hangfu\u00df und den letzten auf der Kuppe gut 200 H\u00f6henmeter. Zudem befinden sich viele Weing\u00e4rten im Schatten sch\u00fctzender W\u00e4lder dar\u00fcber hinaus \u00f6ffnen sich auch Gr\u00e4ben in Richtung Norden, deren Luft vor allem nachts das Klima sp\u00fcrbar abk\u00fchlen l\u00e4sst. Wie unterschiedlich die B\u00f6den am Loibenberg sind, l\u00e4sst sich an unseren beiden Weinen ablesen. Unser Riesling wurzelt in kargen und seichten B\u00f6den, die eine straffere Stilistik f\u00f6rdern.<\/p>\n\n<figure class=\"wp-block-image size-large\"><img fetchpriority=\"high\" decoding=\"async\" width=\"1024\" height=\"767\" src=\"https:\/\/alzinger.at\/wp-content\/uploads\/2022\/10\/Loibenberg-RI-Sm-1024x767.jpg\" alt=\"\" class=\"wp-image-2625\" srcset=\"https:\/\/alzinger.at\/wp-content\/uploads\/2022\/10\/Loibenberg-RI-Sm-1024x767.jpg 1024w, https:\/\/alzinger.at\/wp-content\/uploads\/2022\/10\/Loibenberg-RI-Sm-231x173.jpg 231w, https:\/\/alzinger.at\/wp-content\/uploads\/2022\/10\/Loibenberg-RI-Sm-768x576.jpg 768w, https:\/\/alzinger.at\/wp-content\/uploads\/2022\/10\/Loibenberg-RI-Sm-1536x1151.jpg 1536w, https:\/\/alzinger.at\/wp-content\/uploads\/2022\/10\/Loibenberg-RI-Sm.jpg 2000w\" sizes=\"(max-width: 1024px) 100vw, 1024px\" \/><\/figure>\n\n<figure class=\"wp-block-image size-full\"><img decoding=\"async\" width=\"2500\" height=\"1848\" data-src=\"https:\/\/alzinger.at\/wp-content\/uploads\/2022\/10\/Alzinger_Riede_Loibenberg_RZ_NEU.jpg\" alt=\"\" class=\"wp-image-2599 lazyload\" data-srcset=\"https:\/\/alzinger.at\/wp-content\/uploads\/2022\/10\/Alzinger_Riede_Loibenberg_RZ_NEU.jpg 2500w, https:\/\/alzinger.at\/wp-content\/uploads\/2022\/10\/Alzinger_Riede_Loibenberg_RZ_NEU-234x173.jpg 234w, https:\/\/alzinger.at\/wp-content\/uploads\/2022\/10\/Alzinger_Riede_Loibenberg_RZ_NEU-1024x757.jpg 1024w, https:\/\/alzinger.at\/wp-content\/uploads\/2022\/10\/Alzinger_Riede_Loibenberg_RZ_NEU-768x568.jpg 768w, https:\/\/alzinger.at\/wp-content\/uploads\/2022\/10\/Alzinger_Riede_Loibenberg_RZ_NEU-1536x1135.jpg 1536w, https:\/\/alzinger.at\/wp-content\/uploads\/2022\/10\/Alzinger_Riede_Loibenberg_RZ_NEU-2048x1514.jpg 2048w\" data-sizes=\"(max-width: 2500px) 100vw, 2500px\" src=\"data:image\/svg+xml;base64,PHN2ZyB3aWR0aD0iMSIgaGVpZ2h0PSIxIiB4bWxucz0iaHR0cDovL3d3dy53My5vcmcvMjAwMC9zdmciPjwvc3ZnPg==\" style=\"--smush-placeholder-width: 2500px; --smush-placeholder-aspect-ratio: 2500\/1848;\" \/><\/figure>\n\n<div class=\"wp-block-columns is-not-stacked-on-mobile is-layout-flex wp-container-core-columns-is-layout-28f84493 wp-block-columns-is-layout-flex\">\n<div class=\"wp-block-column bodenprofil is-layout-flow wp-block-column-is-layout-flow\" style=\"flex-basis:15%\">\n<figure class=\"wp-block-image size-large\"><img decoding=\"async\" width=\"224\" height=\"1024\" data-src=\"https:\/\/alzinger.at\/wp-content\/uploads\/2022\/10\/Loibenberg-RI-Sm-1-224x1024.jpg\" alt=\"\" class=\"wp-image-2745 lazyload\" data-srcset=\"https:\/\/alzinger.at\/wp-content\/uploads\/2022\/10\/Loibenberg-RI-Sm-1-224x1024.jpg 224w, https:\/\/alzinger.at\/wp-content\/uploads\/2022\/10\/Loibenberg-RI-Sm-1-38x173.jpg 38w, https:\/\/alzinger.at\/wp-content\/uploads\/2022\/10\/Loibenberg-RI-Sm-1-336x1536.jpg 336w, https:\/\/alzinger.at\/wp-content\/uploads\/2022\/10\/Loibenberg-RI-Sm-1.jpg 438w\" data-sizes=\"(max-width: 224px) 100vw, 224px\" src=\"data:image\/svg+xml;base64,PHN2ZyB3aWR0aD0iMSIgaGVpZ2h0PSIxIiB4bWxucz0iaHR0cDovL3d3dy53My5vcmcvMjAwMC9zdmciPjwvc3ZnPg==\" style=\"--smush-placeholder-width: 224px; --smush-placeholder-aspect-ratio: 224\/1024;\" \/><\/figure>\n<\/div>\n\n\n\n<div class=\"wp-block-column is-layout-flow wp-block-column-is-layout-flow\" style=\"flex-basis:66.66%\">\n<p class=\"has-text-color\" style=\"color:#bd935b;font-size:22px\">\n          <strong>Bodenprofil<\/strong>\n        <\/p>\n\n\n\n<p>Der \u00f6stliche Teil des Loibenberges ist aus Gf\u00f6hler Gneis aufgebaut. Dieser Bereich war durch seine s\u00fcdwestliche Ausrichtung w\u00e4hrend der Eiszeit mehr den Westwinden zugewandt. Dadurch wurden im Vergleich zu den Lee-Lagen auf den Ostseiten geringm\u00e4chtigere L\u00f6ssschichten abgelagert, die auch wieder schneller erodierten. Vor allem in den oberen Terrassenlagen, aus denen das Profil entnommen wurde, sind die B\u00f6den kalkfrei und die Weine im Vergleich zu Weing\u00e4rten mit h\u00f6herem L\u00f6sseinflu\u00df deutlich filigraner und straffer.<\/p>\n<\/div>\n<\/div>\n","protected":false},"author":2,"featured_media":0,"menu_order":0,"template":"","wein-kategorie":[31],"class_list":["post-3672","wein","type-wein","status-publish","hentry","wein-kategorie-riesling-en"],"yoast_head":"<!-- This site is optimized with the Yoast SEO plugin v27.5 - https:\/\/yoast.com\/product\/yoast-seo-wordpress\/ -->\n<title>Ried Loibenberg - Weingut Alzinger<\/title>\n<meta name=\"robots\" content=\"index, follow, max-snippet:-1, max-image-preview:large, max-video-preview:-1\" \/>\n<link rel=\"canonical\" href=\"https:\/\/alzinger.at\/wein\/loibenberg\/\" \/>\n<meta property=\"og:locale\" content=\"en_US\" \/>\n<meta property=\"og:type\" content=\"article\" \/>\n<meta property=\"og:title\" content=\"Ried Loibenberg - Weingut Alzinger\" \/>\n<meta property=\"og:description\" content=\"Charakter Spiegelbild seines Terroirs; konzentriert und doch elegant zu gleich; komplexes Aromaprofil \u2013 meist von Steinobstnoten gepr\u00e4gt; am Gaumen samtig, saftig und doch zupackend und lebhaft Weingarten Die nach S\u00fcden ausgerichteten Terrassen des Loibenbergs speichern den ganzen Tag \u00fcber Sonne und gelten als die w\u00e4rmsten der Wachau. Diese Feststellung greift allerdings zu kurz und l\u00e4sst [&hellip;]\" \/>\n<meta property=\"og:url\" content=\"https:\/\/alzinger.at\/wein\/loibenberg\/\" \/>\n<meta property=\"og:site_name\" content=\"Weingut Alzinger\" \/>\n<meta property=\"article:modified_time\" content=\"2023-02-09T17:56:54+00:00\" \/>\n<meta property=\"og:image\" content=\"https:\/\/alzinger.at\/wp-content\/uploads\/2022\/10\/Loibenberg-RI-Sm.jpg\" \/>\n\t<meta property=\"og:image:width\" content=\"2000\" \/>\n\t<meta property=\"og:image:height\" content=\"1499\" \/>\n\t<meta property=\"og:image:type\" content=\"image\/jpeg\" \/>\n<meta name=\"twitter:card\" content=\"summary_large_image\" \/>\n<meta name=\"twitter:label1\" content=\"Est. reading time\" \/>\n\t<meta name=\"twitter:data1\" content=\"1 minute\" \/>\n<script type=\"application\/ld+json\" class=\"yoast-schema-graph\">{\"@context\":\"https:\\\/\\\/schema.org\",\"@graph\":[{\"@type\":\"WebPage\",\"@id\":\"https:\\\/\\\/alzinger.at\\\/wein\\\/loibenberg\\\/\",\"url\":\"https:\\\/\\\/alzinger.at\\\/wein\\\/loibenberg\\\/\",\"name\":\"Ried Loibenberg - Weingut Alzinger\",\"isPartOf\":{\"@id\":\"https:\\\/\\\/alzinger.at\\\/#website\"},\"primaryImageOfPage\":{\"@id\":\"https:\\\/\\\/alzinger.at\\\/wein\\\/loibenberg\\\/#primaryimage\"},\"image\":{\"@id\":\"https:\\\/\\\/alzinger.at\\\/wein\\\/loibenberg\\\/#primaryimage\"},\"thumbnailUrl\":\"https:\\\/\\\/alzinger.at\\\/wp-content\\\/uploads\\\/2022\\\/10\\\/Loibenberg-RI-Sm-1024x767.jpg\",\"datePublished\":\"2022-04-09T05:06:31+00:00\",\"dateModified\":\"2023-02-09T17:56:54+00:00\",\"breadcrumb\":{\"@id\":\"https:\\\/\\\/alzinger.at\\\/wein\\\/loibenberg\\\/#breadcrumb\"},\"inLanguage\":\"en-US\",\"potentialAction\":[{\"@type\":\"ReadAction\",\"target\":[\"https:\\\/\\\/alzinger.at\\\/wein\\\/loibenberg\\\/\"]}]},{\"@type\":\"ImageObject\",\"inLanguage\":\"en-US\",\"@id\":\"https:\\\/\\\/alzinger.at\\\/wein\\\/loibenberg\\\/#primaryimage\",\"url\":\"https:\\\/\\\/alzinger.at\\\/wp-content\\\/uploads\\\/2022\\\/10\\\/Loibenberg-RI-Sm-1024x767.jpg\",\"contentUrl\":\"https:\\\/\\\/alzinger.at\\\/wp-content\\\/uploads\\\/2022\\\/10\\\/Loibenberg-RI-Sm-1024x767.jpg\"},{\"@type\":\"BreadcrumbList\",\"@id\":\"https:\\\/\\\/alzinger.at\\\/wein\\\/loibenberg\\\/#breadcrumb\",\"itemListElement\":[{\"@type\":\"ListItem\",\"position\":1,\"name\":\"Startseite\",\"item\":\"https:\\\/\\\/alzinger.at\\\/en\\\/\"},{\"@type\":\"ListItem\",\"position\":2,\"name\":\"Weine\",\"item\":\"https:\\\/\\\/alzinger.at\\\/wein\\\/\"},{\"@type\":\"ListItem\",\"position\":3,\"name\":\"Ried Loibenberg\"}]},{\"@type\":\"WebSite\",\"@id\":\"https:\\\/\\\/alzinger.at\\\/#website\",\"url\":\"https:\\\/\\\/alzinger.at\\\/\",\"name\":\"Weingut Alzinger\",\"description\":\"Just another WordPress site\",\"potentialAction\":[{\"@type\":\"SearchAction\",\"target\":{\"@type\":\"EntryPoint\",\"urlTemplate\":\"https:\\\/\\\/alzinger.at\\\/?s={search_term_string}\"},\"query-input\":{\"@type\":\"PropertyValueSpecification\",\"valueRequired\":true,\"valueName\":\"search_term_string\"}}],\"inLanguage\":\"en-US\"}]}<\/script>\n<!-- \/ Yoast SEO plugin. -->","yoast_head_json":{"title":"Ried Loibenberg - Weingut Alzinger","robots":{"index":"index","follow":"follow","max-snippet":"max-snippet:-1","max-image-preview":"max-image-preview:large","max-video-preview":"max-video-preview:-1"},"canonical":"https:\/\/alzinger.at\/wein\/loibenberg\/","og_locale":"en_US","og_type":"article","og_title":"Ried Loibenberg - Weingut Alzinger","og_description":"Charakter Spiegelbild seines Terroirs; konzentriert und doch elegant zu gleich; komplexes Aromaprofil \u2013 meist von Steinobstnoten gepr\u00e4gt; am Gaumen samtig, saftig und doch zupackend und lebhaft Weingarten Die nach S\u00fcden ausgerichteten Terrassen des Loibenbergs speichern den ganzen Tag \u00fcber Sonne und gelten als die w\u00e4rmsten der Wachau. Diese Feststellung greift allerdings zu kurz und l\u00e4sst [&hellip;]","og_url":"https:\/\/alzinger.at\/wein\/loibenberg\/","og_site_name":"Weingut Alzinger","article_modified_time":"2023-02-09T17:56:54+00:00","og_image":[{"width":2000,"height":1499,"url":"https:\/\/alzinger.at\/wp-content\/uploads\/2022\/10\/Loibenberg-RI-Sm.jpg","type":"image\/jpeg"}],"twitter_card":"summary_large_image","twitter_misc":{"Est. reading time":"1 minute"},"schema":{"@context":"https:\/\/schema.org","@graph":[{"@type":"WebPage","@id":"https:\/\/alzinger.at\/wein\/loibenberg\/","url":"https:\/\/alzinger.at\/wein\/loibenberg\/","name":"Ried Loibenberg - Weingut Alzinger","isPartOf":{"@id":"https:\/\/alzinger.at\/#website"},"primaryImageOfPage":{"@id":"https:\/\/alzinger.at\/wein\/loibenberg\/#primaryimage"},"image":{"@id":"https:\/\/alzinger.at\/wein\/loibenberg\/#primaryimage"},"thumbnailUrl":"https:\/\/alzinger.at\/wp-content\/uploads\/2022\/10\/Loibenberg-RI-Sm-1024x767.jpg","datePublished":"2022-04-09T05:06:31+00:00","dateModified":"2023-02-09T17:56:54+00:00","breadcrumb":{"@id":"https:\/\/alzinger.at\/wein\/loibenberg\/#breadcrumb"},"inLanguage":"en-US","potentialAction":[{"@type":"ReadAction","target":["https:\/\/alzinger.at\/wein\/loibenberg\/"]}]},{"@type":"ImageObject","inLanguage":"en-US","@id":"https:\/\/alzinger.at\/wein\/loibenberg\/#primaryimage","url":"https:\/\/alzinger.at\/wp-content\/uploads\/2022\/10\/Loibenberg-RI-Sm-1024x767.jpg","contentUrl":"https:\/\/alzinger.at\/wp-content\/uploads\/2022\/10\/Loibenberg-RI-Sm-1024x767.jpg"},{"@type":"BreadcrumbList","@id":"https:\/\/alzinger.at\/wein\/loibenberg\/#breadcrumb","itemListElement":[{"@type":"ListItem","position":1,"name":"Startseite","item":"https:\/\/alzinger.at\/en\/"},{"@type":"ListItem","position":2,"name":"Weine","item":"https:\/\/alzinger.at\/wein\/"},{"@type":"ListItem","position":3,"name":"Ried Loibenberg"}]},{"@type":"WebSite","@id":"https:\/\/alzinger.at\/#website","url":"https:\/\/alzinger.at\/","name":"Weingut Alzinger","description":"Just another WordPress site","potentialAction":[{"@type":"SearchAction","target":{"@type":"EntryPoint","urlTemplate":"https:\/\/alzinger.at\/?s={search_term_string}"},"query-input":{"@type":"PropertyValueSpecification","valueRequired":true,"valueName":"search_term_string"}}],"inLanguage":"en-US"}]}},"_links":{"self":[{"href":"https:\/\/alzinger.at\/en\/wp-json\/wp\/v2\/wein\/3672","targetHints":{"allow":["GET"]}}],"collection":[{"href":"https:\/\/alzinger.at\/en\/wp-json\/wp\/v2\/wein"}],"about":[{"href":"https:\/\/alzinger.at\/en\/wp-json\/wp\/v2\/types\/wein"}],"author":[{"embeddable":true,"href":"https:\/\/alzinger.at\/en\/wp-json\/wp\/v2\/users\/2"}],"version-history":[{"count":4,"href":"https:\/\/alzinger.at\/en\/wp-json\/wp\/v2\/wein\/3672\/revisions"}],"predecessor-version":[{"id":3871,"href":"https:\/\/alzinger.at\/en\/wp-json\/wp\/v2\/wein\/3672\/revisions\/3871"}],"wp:attachment":[{"href":"https:\/\/alzinger.at\/en\/wp-json\/wp\/v2\/media?parent=3672"}],"wp:term":[{"taxonomy":"wein-kategorie","embeddable":true,"href":"https:\/\/alzinger.at\/en\/wp-json\/wp\/v2\/wein-kategorie?post=3672"}],"curies":[{"name":"wp","href":"https:\/\/api.w.org\/{rel}","templated":true}]}}